{"id":3008,"date":"2025-11-01T18:38:22","date_gmt":"2025-11-01T17:38:22","guid":{"rendered":"https:\/\/medienwissenschaft.uni-bayreuth.de\/mediennacht\/?page_id=3008"},"modified":"2025-11-04T15:03:40","modified_gmt":"2025-11-04T14:03:40","slug":"programm-2025","status":"publish","type":"page","link":"https:\/\/medienwissenschaft.uni-bayreuth.de\/mediennacht\/programm-2025\/","title":{"rendered":"Programm 2025"},"content":{"rendered":"\n<div style=\"text-align: center;background-color: #000000;color: #DDDDDD;padding: 2% 0% 0% 0%\">\n  \n  <div style=\"justify-content: center;align-items: center;border-style: none\">\n    <a href=\"https:\/\/medienwissenschaft.uni-bayreuth.de\/mediennacht\/\"><img decoding=\"async\" src=\"https:\/\/medienwissenschaft.uni-bayreuth.de\/mediennacht\/wp-content\/uploads\/sites\/17\/2025\/08\/cropped-logo5.png\" alt=\"Logo\" style=\"max-width: 100px;height: auto\"><\/a>\n  <\/div>\n\n<p> <h6 style=\"color:#FFFFFF;font-size: 100px\"> Programm 2025 <h6> <\/p>\n  <br>\n<\/div>\n\n\n\n<div style=\"height:26px\" aria-hidden=\"true\" class=\"wp-block-spacer\"><\/div>\n\n\n\n<h6 style=\"background:linear-gradient(0deg,rgba(246,215,77,0.36) 0%,rgba(244,179,58,0.57) 100%);text-align: center;font-size: 70px\">Audio<\/h6>\n\n\n\n<hr class=\"wp-block-separator has-alpha-channel-opacity\" \/>\n\n\n\n<div style=\"color: #000000;text-align: center;font-size: 30px;margin-bottom: 2%\">ab 15 Uhr<\/div>\n\n\n\n<hr class=\"wp-block-separator has-alpha-channel-opacity\" \/>\n\n\n\n<div style=\"margin: auto;width: 85%;max-width: 700px;background-color: #000000;color: #DDDDDD;font-size: 20px;padding: 4%;padding-bottom: 2%;padding-top: 4%;border-radius: 25px\">\n    <h6 style=\"text-align: center;font-size: 50px;color: #FFFFFF\"> Das schaurige Schloss <\/h6>\n    <div style=\"text-align: center;border-style: none;vertical-align: middle\">\n        <img decoding=\"async\" style=\"height: auto;width: 100%\" src=\"https:\/\/medienwissenschaft.uni-bayreuth.de\/mediennacht\/wp-content\/uploads\/sites\/17\/2025\/10\/COVER-Knut-Schanda-1.png\">\n    <\/div>\n    <br>\n   \n    <p style=\"text-align: justify\">\n        <em>Die zwei Freunde Max und Paul \u00fcbernachten in einem alten Schloss und machen Bekanntschaft mit einem dort ans\u00e4ssigen Geist.<\/em><br>\n<div>\n\nLeitung\nKnut Schanda\n    <\/p>\n\n<\/div>\n<\/div>\n\n\n\n<div style=\"height:50px\" aria-hidden=\"true\" class=\"wp-block-spacer\"><\/div>\n\n\n\n<div style=\"margin: auto;width: 85%;max-width: 700px;background-color: #000000;color: #DDDDDD;font-size: 20px;padding: 4%;padding-bottom: 2%;padding-top: 4%;border-radius: 25px\">\n    <h6 style=\"text-align: center;font-size: 50px;color: #FFFFFF\"> PARA SOL <\/h6>\n    <div style=\"text-align: center;border-style: none;vertical-align: middle\">\n        <img decoding=\"async\" style=\"height: auto;width: 100%\" src=\"https:\/\/medienwissenschaft.uni-bayreuth.de\/mediennacht\/wp-content\/uploads\/sites\/17\/2025\/11\/PARASOL_Cover-Chris-R-scaled.jpg\">\n    <\/div>\n    <br>\n   \n    <p style=\"text-align: justify\">\n        <em>PARA SOL sind Christian Renner, Daniel Zenker und Jonas Kuhn. Seit 2022 formen sie Klangr\u00e4ume zwischen Schwelgen und Headbangen, inspiriert von Pink Floyd, Led Zeppelin, Black Sabbath und zeitgen\u00f6ssischen Bands wie All Them Witches, Elder und Queens of the Stone Age.\n<\/em> <br>\n<div>\n\nLeitung\nChristian Renner\n    <\/p>\n\n<\/div>\n<\/div>\n\n\n\n<div style=\"height:50px\" aria-hidden=\"true\" class=\"wp-block-spacer\"><\/div>\n\n\n\n<div style=\"margin: auto;width: 85%;max-width: 700px;background-color: #000000;color: #DDDDDD;font-size: 20px;padding: 4%;padding-bottom: 2%;padding-top: 4%;border-radius: 25px\">\n    <h6 style=\"text-align: center;font-size: 50px;color: #FFFFFF\"> Spaziergang am R\u00f6hrensee <\/h6>\n    <div style=\"text-align: center;border-style: none;vertical-align: middle\">\n        <img decoding=\"async\" style=\"height: auto;width: 100%\" src=\"https:\/\/medienwissenschaft.uni-bayreuth.de\/mediennacht\/wp-content\/uploads\/sites\/17\/2025\/11\/WhatsApp-Bild-2025-10-20-um-13.46.41_71743404.jpg\">\n    <\/div>\n    <br>\n   \n    <p style=\"text-align: justify\">\n        <em>Man begleitet eine Spaziergang am R\u00f6hrensee welcher verscheidene Stationenund Ger\u00e4usche beinhaltet.<\/em> <br>\n<div>\n\nLeitung\nTino Kornitzky, Pia F\u00f6rster, Jonas Hermsd\u00f6rfer\n    <\/p>\n\n<\/div>\n<\/div>\n\n\n\n<div style=\"height:50px\" aria-hidden=\"true\" class=\"wp-block-spacer\"><\/div>\n\n\n\n<h6 style=\"background:linear-gradient(0deg,rgba(246,215,77,0.36) 0%,rgba(244,179,58,0.57) 100%);text-align: center;font-size: 70px\">Games<\/h6>\n\n\n\n<hr class=\"wp-block-separator has-alpha-channel-opacity\" \/>\n\n\n\n<div style=\"color: #000000;text-align: center;font-size: 30px;margin-bottom: 2%\">ab 15 Uhr<\/div>\n\n\n\n<hr class=\"wp-block-separator has-alpha-channel-opacity\" \/>\n\n\n\n<div style=\"height:50px\" aria-hidden=\"true\" class=\"wp-block-spacer\"><\/div>\n\n\n\n<div style=\"margin: auto;width: 85%;max-width: 700px;background-color: #000000;color: #DDDDDD;font-size: 20px;padding: 4%;padding-bottom: 2%;padding-top: 4%;border-radius: 25px\">\n    <h6 style=\"text-align: center;font-size: 50px;color: #FFFFFF\"> Ger\u00e4usche Bayreuths<\/h6>\n    <div style=\"text-align: center;border-style: none;vertical-align: middle\">\n        <img decoding=\"async\" style=\"height: auto;width: 100%\" src=\"https:\/\/medienwissenschaft.uni-bayreuth.de\/mediennacht\/wp-content\/uploads\/sites\/17\/2025\/11\/Bild_2025-09-22_175702695-Finja.png\">\n    <\/div>\n    <br>\n   \n    <p style=\"text-align: justify\">\n        <em>Ger\u00e4usche Bayreuths ist eine Art GeoGuessr nur mit Ger\u00e4uschen. Anhand von Soundscapes muss man den richtigen Ort innerhalb Bayreuths ausw\u00e4hlen.<\/em>\n\n<p> Leitung:\nFinja Otremba <\/p>\n\n    <\/p>\n\n<\/div>\n<\/div>\n\n\n\n<div style=\"height:50px\" aria-hidden=\"true\" class=\"wp-block-spacer\"><\/div>\n\n\n\n<div style=\"margin: auto;width: 85%;max-width: 700px;background-color: #000000;color: #DDDDDD;font-size: 20px;padding: 4%;padding-bottom: 2%;padding-top: 4%;border-radius: 25px\">\n    <h6 style=\"text-align: center;font-size: 50px;color: #FFFFFF\"> One Button Arcade<\/h6>\n    <div style=\"text-align: center;border-style: none;vertical-align: middle\">\n        <img decoding=\"async\" style=\"height: auto;width: 100%\" src=\"https:\/\/medienwissenschaft.uni-bayreuth.de\/mediennacht\/wp-content\/uploads\/sites\/17\/2025\/11\/one-button-arcade-Till-Michels.jpg\">\n    <\/div>\n    <br>\n   \n    <p style=\"text-align: justify\">\n        <em>Auf der One-Button-Arcade k\u00f6nnt ihr verschiedenste Spiele spielen. Jedoch habt ihr nur einen Button als Input. Probiert es aus!<\/em>\n\n\n<p>Leitung:\nTill Michels<\/p>\n\n    <\/p>\n\n<\/div>\n<\/div>\n\n\n\n<div style=\"height:50px\" aria-hidden=\"true\" class=\"wp-block-spacer\"><\/div>\n\n\n\n<div style=\"margin: auto;width: 85%;max-width: 700px;background-color: #000000;color: #DDDDDD;font-size: 20px;padding: 4%;padding-bottom: 2%;padding-top: 4%;border-radius: 25px\">\n    <h6 style=\"text-align: center;font-size: 50px;color: #FFFFFF\"> Skull Dungeon<\/h6>\n    <div style=\"text-align: center;border-style: none;vertical-align: middle\">\n        <img decoding=\"async\" style=\"height: auto;width: 100%\" src=\"https:\/\/medienwissenschaft.uni-bayreuth.de\/mediennacht\/wp-content\/uploads\/sites\/17\/2025\/11\/ScreenShot00000-Andy-B.png\">\n    <\/div>\n    <br>\n   \n    <p style=\"text-align: justify\">\n        <em>\nAls kleiner Skullknight begibst du dich auf den Weg durch den Skull Dungeon und versuchst wie alle Skelette vor dir das andere Ende des Dungeons zu erreichen. Legenden sprechen von einer Treppe die ins Licht f\u00fchrt, zur\u00fcck in die Welt der Lebenden.<\/em>\n\n\n<p>Leitung:\nAndreas Bondarenko <\/p>\n\n    <\/p>\n\n<\/div>\n<\/div>\n\n\n\n<div style=\"height:50px\" aria-hidden=\"true\" class=\"wp-block-spacer\"><\/div>\n\n\n\n<div style=\"margin: auto;width: 85%;max-width: 700px;background-color: #000000;color: #DDDDDD;font-size: 20px;padding: 4%;padding-bottom: 2%;padding-top: 4%;border-radius: 25px\">\n    <h6 style=\"text-align: center;font-size: 50px;color: #FFFFFF\"> Valkyrie Rising<\/h6>\n    <div style=\"text-align: center;border-style: none;vertical-align: middle\">\n        <img decoding=\"async\" style=\"height: auto;width: 100%\" src=\"https:\/\/medienwissenschaft.uni-bayreuth.de\/mediennacht\/wp-content\/uploads\/sites\/17\/2025\/11\/1920x1080-Lucas-P.png\">\n    <\/div>\n    <br>\n   \n    <p style=\"text-align: justify\">\n        <em>\nRette Asgard vor den Horden von Ragnar\u00f6k. Entfessle g\u00f6ttliche Kr\u00e4fte und erschaffe m\u00e4chtige Builds. \u00dcberlebe endlose Wellen und besiege riesige Bosse.<\/em>\n\n\n\n\n<p>Leitung:\nLucas P\u00f6the <\/p>\n\n    <\/p>\n\n<\/div>\n<\/div>\n\n\n\n<div style=\"height:50px\" aria-hidden=\"true\" class=\"wp-block-spacer\"><\/div>\n\n\n\n<div style=\"margin: auto;width: 85%;max-width: 700px;background-color: #000000;color: #DDDDDD;font-size: 20px;padding: 4%;padding-bottom: 2%;padding-top: 4%;border-radius: 25px\">\n    <h6 style=\"text-align: center;font-size: 50px;color: #FFFFFF\"> VOID<\/h6>\n    <div style=\"text-align: center;border-style: none;vertical-align: middle\">\n        <img decoding=\"async\" style=\"height: auto;width: 100%\" src=\"https:\/\/medienwissenschaft.uni-bayreuth.de\/mediennacht\/wp-content\/uploads\/sites\/17\/2025\/11\/Void1zu1-Julian-Lindner.png\">\n    <\/div>\n    <br>\n   \n    <p style=\"text-align: justify\">\n        <em>\nEchtzeit-Taktik f\u00fcr 2\u20134: Stelle deine Flotte zusammen und k\u00e4mpfe in retrofuturistischen Raumschlachten.<\/em>\n\n\n<p>Leitung:\nLuca Mahncke <\/p>\n\n    <\/p>\n\n<\/div>\n<\/div>\n\n\n\n<div style=\"height:50px\" aria-hidden=\"true\" class=\"wp-block-spacer\"><\/div>\n\n\n\n<div style=\"height:50px\" aria-hidden=\"true\" class=\"wp-block-spacer\"><\/div>\n\n\n\n<h6 style=\"background:linear-gradient(0deg,rgba(246,215,77,0.36) 0%,rgba(244,179,58,0.57) 100%);text-align: center;font-size: 70px\"> Filme <\/h6>\n\n\n\n<hr class=\"wp-block-separator has-alpha-channel-opacity\" \/>\n\n\n\n<div style=\"color: #000000;text-align: center;font-size: 30px;font-weight: bold;text-align: center\">ab 19 Uhr<\/div>\n\n\n\n<hr class=\"wp-block-separator has-alpha-channel-opacity\" \/>\n\n\n\n<div style=\"color: #000000;text-align: center;font-size: 30px;text-align: center\">Erster Block<\/div>\n\n\n\n<div style=\"height:27px\" aria-hidden=\"true\" class=\"wp-block-spacer\"><\/div>\n\n\n\n<div style=\"margin: auto;width: 85%;max-width: 700px;background-color: #000000;color: #DDDDDD;font-size: 20px;padding: 4%;padding-bottom: 2%;padding-top: 4%;border-radius: 25px\">\n    <h6 style=\"text-align: center;font-size: 50px;color: #FFFFFF\"> Imagefilm: Medienpraxis<\/h6>\n    <div style=\"text-align: center;border-style: none;vertical-align: middle\">\n        <img decoding=\"async\" style=\"height: auto;width: 100%\" src=\"https:\/\/medienwissenschaft.uni-bayreuth.de\/mediennacht\/wp-content\/uploads\/sites\/17\/2025\/11\/Mewip3-thai-germane_zuschnitt.jpg\">\n    <\/div>\n    <br>\n   \n    <p style=\"text-align: justify\">\n        <em>Hierbei handelt es sich um einen Werbetrailer f\u00fcr die Medienpraxis in Kooperation mit dem ZHL und Paul Hadwiger. Gezeigt werden verschiedene Themenbereiche des Praxisstudiums anhand von kleinen Clips.<\/em><br>\n<div>\n\nLeitung:\nTizian Huber &amp; Daniel Schlenk\n    <\/p>\n\n<\/div>\n<\/div>\n\n\n\n<div style=\"height:50px\" aria-hidden=\"true\" class=\"wp-block-spacer\"><\/div>\n\n\n\n<div style=\"margin: auto;width: 85%;max-width: 700px;background-color: #000000;color: #DDDDDD;font-size: 20px;padding: 4%;padding-bottom: 2%;padding-top: 4%;border-radius: 25px\">\n    <h6 style=\"text-align: center;font-size: 50px;color: #FFFFFF\"> Fovever Young &#8211; Tanzshow 2025 <\/h6>\n    <div style=\"text-align: center;border-style: none;vertical-align: middle\">\n        <img decoding=\"async\" style=\"height: auto;width: 100%\" src=\"https:\/\/medienwissenschaft.uni-bayreuth.de\/mediennacht\/wp-content\/uploads\/sites\/17\/2025\/11\/ForeverYoung2-Vera-Hoffmann.png\">\n    <\/div>\n    <br>\n   \n    <p style=\"text-align: justify\">\n        <em>Zwischen Gl\u00e4serklingen und Barlicht erwacht der Wunsch nach mehr \u2013 ein Ausbruch aus dem Alltag, hinein in die Freiheit des Tanzens. Das Intro zur Tanzshow Forever Young.\n<\/em><br>\n<div>\n\nLeitung:\nVera Hoffmann, Maxima Walter\n    <\/p>\n\n<\/div>\n<\/div>\n\n\n\n<div style=\"height:50px\" aria-hidden=\"true\" class=\"wp-block-spacer\"><\/div>\n\n\n\n<div style=\"margin: auto;width: 85%;max-width: 700px;background-color: #000000;color: #DDDDDD;font-size: 20px;padding: 4%;padding-bottom: 2%;padding-top: 4%;border-radius: 25px\">\n    <h6 style=\"text-align: center;font-size: 50px;color: #FFFFFF\"> AZB &#8211; Aufstieg zur Bedeutungslosigkeit <\/h6>\n    <div style=\"text-align: center;border-style: none;vertical-align: middle\">\n        <img decoding=\"async\" style=\"height: auto;width: 100%\" src=\"https:\/\/medienwissenschaft.uni-bayreuth.de\/mediennacht\/wp-content\/uploads\/sites\/17\/2025\/11\/AZB2-Fabian-Merks.jpg\">\n    <\/div>\n    <br>\n   \n    <p style=\"text-align: justify\">\n        <em>Fabian, Dani und Jonas sind auf der verzweifelten Suche nach neuen Bandmitgliedern. Doch das Casting eines Gitarristen stellt den Zusammenhalt der Band auf die Probe.<\/em><br>\n<div>\n\nLeitung:\nFabian Merks\n    <\/p>\n\n<\/div>\n<\/div>\n\n\n\n<div style=\"height:50px\" aria-hidden=\"true\" class=\"wp-block-spacer\"><\/div>\n\n\n\n<div style=\"margin: auto;width: 85%;max-width: 700px;background-color: #000000;color: #DDDDDD;font-size: 20px;padding: 4%;padding-bottom: 2%;padding-top: 4%;border-radius: 25px\">\n    <h6 style=\"text-align: center;font-size: 50px;color: #FFFFFF\"> Wie Klang Entsteht<\/h6>\n    <div style=\"text-align: center;border-style: none;vertical-align: middle\">\n        <img decoding=\"async\" style=\"height: auto;width: 100%\" src=\"https:\/\/medienwissenschaft.uni-bayreuth.de\/mediennacht\/wp-content\/uploads\/sites\/17\/2025\/10\/Instrumentenbauen-Lisa-Brun-1024x573.png\">\n    <\/div>\n    <br>\n   \n    <p style=\"text-align: justify\">\n        <em>Thandeka Mfinyongo ist Musikerin aus S\u00fcdafrika. Vier Monate lang haben wir sie bei ihrem Instrumentenbauen Workshop im Iwalewahaus in Bayreuth begleitet und dabei Schritt f\u00fcr Schritt gelernt, wie ein Uhadi entsteht \u2013 ein traditionelles s\u00fcdafrikanisches Musikinstrument.<\/em><br>\n<div>\n\nLeitung:\nLisa Brun, im Auftrag von CampusTV\n    <\/p>\n\n<\/div>\n<\/div>\n\n\n\n<div style=\"height:50px\" aria-hidden=\"true\" class=\"wp-block-spacer\"><\/div>\n\n\n\n<div style=\"margin: auto;width: 85%;max-width: 700px;background-color: #000000;color: #DDDDDD;font-size: 20px;padding: 4%;padding-bottom: 2%;padding-top: 4%;border-radius: 25px\">\n    <h6 style=\"text-align: center;font-size: 50px;color: #FFFFFF\"> Die Kamera <\/h6>\n    <div style=\"text-align: center;border-style: none;vertical-align: middle\">\n        <img decoding=\"async\" style=\"height: auto;width: 100%\" src=\"https:\/\/medienwissenschaft.uni-bayreuth.de\/mediennacht\/wp-content\/uploads\/sites\/17\/2025\/11\/Still_1.1.1-Amelie.png\">\n    <\/div>\n    <br>\n   \n    <p style=\"text-align: justify\">\n        <em>Vivien, eine 24-j\u00e4hrige Studentin, wird von ihrem unheimlichen Vermieter bedr\u00e4ngt. Nach einer Reihe beunruhigender Vorf\u00e4lle eskaliert die Situation, und es verschwimmen die Grenzen zwischen Realit\u00e4t und Einbildung. <\/em><br>\n\n\n<\/div>\n<\/div>\n\n\n\n<div style=\"height:50px\" aria-hidden=\"true\" class=\"wp-block-spacer\"><\/div>\n\n\n\n<div style=\"margin: auto;width: 85%;max-width: 700px;background-color: #000000;color: #DDDDDD;font-size: 20px;padding: 4%;padding-bottom: 2%;padding-top: 4%;border-radius: 25px\">\n    <h6 style=\"text-align: center;font-size: 50px;color: #FFFFFF\"> iPad-Band: Phill Collins &#8211; Another Day In Paradise <\/h6>\n\n<\/div>\n\n\n\n<div style=\"height:50px\" aria-hidden=\"true\" class=\"wp-block-spacer\"><\/div>\n\n\n\n<div style=\"margin: auto;width: 85%;max-width: 700px;background:linear-gradient(0deg,rgba(246,215,77,0.36) 0%,rgba(244,179,58,0.57) 100%);color: #DDDDDD;font-size: 20px;padding: 4%;padding-bottom: 2%;padding-top: 4%;border-radius: 25px\">\n    <h6 style=\"text-align: center;font-size: 50px;color: #FFFFFF\"> Pause <\/h6>\n\n<\/div>\n\n\n\n<div style=\"height:50px\" aria-hidden=\"true\" class=\"wp-block-spacer\"><\/div>\n\n\n\n<div style=\"color: #000000;text-align: center;font-size: 30px;text-align: center\">Zweiter Block<\/div>\n\n\n\n<hr class=\"wp-block-separator has-alpha-channel-opacity\" \/>\n\n\n\n<div style=\"height:50px\" aria-hidden=\"true\" class=\"wp-block-spacer\"><\/div>\n\n\n\n<div style=\"margin: auto;width: 85%;max-width: 700px;background-color: #000000;color: #DDDDDD;font-size: 20px;padding: 4%;padding-bottom: 2%;padding-top: 4%;border-radius: 25px\">\n    <h6 style=\"text-align: center;font-size: 50px;color: #FFFFFF\"> Weck mich auf &#8211; AZB <\/h6>\n    <div style=\"text-align: center;border-style: none;vertical-align: middle\">\n        <img decoding=\"async\" style=\"height: auto;width: 100%\" src=\"https:\/\/medienwissenschaft.uni-bayreuth.de\/mediennacht\/wp-content\/uploads\/sites\/17\/2025\/10\/Weck_Mich_Auf-Media-Production-Films-1024x768.png\">\n    <\/div>\n    <br>\n   \n    <p style=\"text-align: justify\">\n        <em>Das offizielle Musikvideo zur Rockversion des Tracks &#8222;Weck mich auf&#8220; von Fabian Merks mit seiner neuen Band AZB. Das Musikvideo ist mit einem  VHS-C Camcorder im neuen FZA Studio gedreht worden. Der Song wird von AZB zusammen mit 9 weiteren Tracks sp\u00e4ter dieses Jahr auf einem Album ver\u00f6ffentlicht.<\/em><br>\n<div>\n\nLeitung:\nFabian Merks\n    <\/p>\n\n<\/div>\n<\/div>\n\n\n\n<div style=\"height:50px\" aria-hidden=\"true\" class=\"wp-block-spacer\"><\/div>\n\n\n\n<div style=\"margin: auto;width: 85%;max-width: 700px;background-color: #000000;color: #DDDDDD;font-size: 20px;padding: 4%;padding-bottom: 2%;padding-top: 4%;border-radius: 25px\">\n    <h6 style=\"text-align: center;font-size: 50px;color: #FFFFFF\"> Befristetes Forschen:<br> Was steckt hinter dem Wissenschaftszeitvertragsgesetz? <\/h6>\n    <div style=\"text-align: center;border-style: none;vertical-align: middle\">\n        <img decoding=\"async\" style=\"height: auto;width: 100%\" src=\"https:\/\/medienwissenschaft.uni-bayreuth.de\/mediennacht\/wp-content\/uploads\/sites\/17\/2025\/11\/WZVG_Thumbnail_Buettner1-CampusTV-Bayreuth.png\">\n    <\/div>\n    <br>\n   \n    <p style=\"text-align: justify\">\n        <em>Wissenschaftliche Mitarbeitende an Universit\u00e4ten kommen und gehen, doch warum ist das so? In diesem Video haben wir mit verschiedenen Seiten  gesprochen, um die Hintergr\u00fcnde zu verstehen. Du erf\u00e4hrst, warum viele Stellen an Hochschulen nur befristet vergeben werden und welche Folgen das f\u00fcr die Betroffenen hat. Wir zeigen, wie die st\u00e4ndige Unsicherheit den Alltag und die Karriere pr\u00e4gt und werfen einen Blick auf aktuelle Debatten. So bekommst du einen Einblick in die Strukturen und Herausforderungen der Wissenschaftskarriere.<\/em>\n    <\/p>\n\n<\/div>\n<\/div>\n\n\n\n<div style=\"height:50px\" aria-hidden=\"true\" class=\"wp-block-spacer\"><\/div>\n\n\n\n<div style=\"margin: auto;width: 85%;max-width: 700px;background-color: #000000;color: #DDDDDD;font-size: 20px;padding: 4%;padding-bottom: 2%;padding-top: 4%;border-radius: 25px\">\n    <h6 style=\"text-align: center;font-size: 50px;color: #FFFFFF\"> Komplott am Dom<\/h6>\n    <div style=\"text-align: center;border-style: none;vertical-align: middle\">\n        <img decoding=\"async\" style=\"height: auto;width: 100%\" src=\"https:\/\/medienwissenschaft.uni-bayreuth.de\/mediennacht\/wp-content\/uploads\/sites\/17\/2025\/10\/Screenshot-2025-03-18-235451-Tim-Schneider-1024x767.png\">\n    <\/div>\n    <br>\n   \n    <p style=\"text-align: justify\">\n        <em>Ein geheimnisvoller Brief. Eine geheimnisvolle Stadt. Ein geheimnisvolles Treffen. Oder doch gef\u00e4hrlich?<\/em><br>\n<div>\n\nLeitung:\nThomas Brunner, Enes Akarg\u00fcl, Tim Schneider\n    <\/p>\n\n<\/div>\n<\/div>\n\n\n\n<div style=\"height:50px\" aria-hidden=\"true\" class=\"wp-block-spacer\"><\/div>\n\n\n\n<div style=\"margin: auto;width: 85%;max-width: 700px;background-color: #000000;color: #DDDDDD;font-size: 20px;padding: 4%;padding-bottom: 2%;padding-top: 4%;border-radius: 25px\">\n    <h6 style=\"text-align: center;font-size: 50px;color: #FFFFFF\"> Zwischen den Zeilen<\/h6>\n    <div style=\"text-align: center;border-style: none;vertical-align: middle\">\n        <img decoding=\"async\" style=\"height: auto;width: 100%\" src=\"https:\/\/medienwissenschaft.uni-bayreuth.de\/mediennacht\/wp-content\/uploads\/sites\/17\/2025\/10\/Zwischen_den_Zeilen-Lisa-Brun-1024x1024.jpeg\">\n    <\/div>\n    <br>\n   \n    <p style=\"text-align: justify\">\n        <em>In Zwischen verschmelzen Film und Fotografie zu einer gemeinsamen Erz\u00e4hlform. In einer chaotischen Winternacht bekommt Lena unerwarteten Besuch von ihrer alten Freundin Marie. Was zun\u00e4chst wie eine nostalgische Reise in unbeschwerte Zeiten wirkt, verwandelt sich schnell in eine emotionale Konfrontation.<\/em><br>\n<div>\n\nLeitung:\nLisa Brun (Regie), Mirja Chollet (Regieassistenz), Puya Shaghafi (Produktion) \n    <\/p>\n\n<\/div>\n<\/div>\n\n\n\n<div style=\"height:50px\" aria-hidden=\"true\" class=\"wp-block-spacer\"><\/div>\n\n\n\n<div style=\"margin: auto;width: 85%;max-width: 700px;background-color: #000000;color: #DDDDDD;font-size: 20px;padding: 4%;padding-bottom: 2%;padding-top: 4%;border-radius: 25px\">\n    <h6 style=\"text-align: center;font-size: 50px;color: #FFFFFF\"> iPad-Band: Naila Doula &#8211; Durch die Planeten <\/h6>\n\n<\/div>\n\n\n\n<div style=\"height:50px\" aria-hidden=\"true\" class=\"wp-block-spacer\"><\/div>\n\n\n\n<div style=\"margin: auto;width: 85%;max-width: 700px;background:linear-gradient(0deg,rgba(246,215,77,0.36) 0%,rgba(244,179,58,0.57) 100%);color: #DDDDDD;font-size: 20px;padding: 4%;padding-bottom: 2%;padding-top: 4%;border-radius: 25px\">\n    <h6 style=\"text-align: center;font-size: 50px;color: #FFFFFF\"> Pause <\/h6>\n\n<\/div>\n\n\n\n<div style=\"height:50px\" aria-hidden=\"true\" class=\"wp-block-spacer\"><\/div>\n\n\n\n<div style=\"color: #000000;text-align: center;font-size: 30px;text-align: center\">Dritter Block<\/div>\n\n\n\n<hr class=\"wp-block-separator has-alpha-channel-opacity\" \/>\n\n\n\n<div style=\"height:50px\" aria-hidden=\"true\" class=\"wp-block-spacer\"><\/div>\n\n\n\n<div style=\"margin: auto;width: 85%;max-width: 700px;background-color: #000000;color: #DDDDDD;font-size: 20px;padding: 4%;padding-bottom: 2%;padding-top: 4%;border-radius: 25px\">\n    <h6 style=\"text-align: center;font-size: 50px;color: #FFFFFF\"> FUENF <\/h6>\n    <div style=\"text-align: center;border-style: none;vertical-align: middle\">\n        <img decoding=\"async\" style=\"height: auto;width: 100%\" src=\"https:\/\/medienwissenschaft.uni-bayreuth.de\/mediennacht\/wp-content\/uploads\/sites\/17\/2025\/11\/1762014507574-7fad65d1-e222-441d-b0a9-f980c351c974_1_zuschnitt.jpg\">\n    <\/div>\n    <br>\n   \n    <p style=\"text-align: justify\">\n        <em>Ein wortloser Film, der einem 5\u20ac-Schein Eigenleben verleiht und spielerisch fragt, was Geld in unserem Leben wirklich bedeutet.<\/em><br>\n<div>\n\nLeitung:\nThomas Brunner, Oliver Hofmann, Laura Waldau\n    <\/p>\n\n<\/div>\n<\/div>\n\n\n\n<div style=\"height:50px\" aria-hidden=\"true\" class=\"wp-block-spacer\"><\/div>\n\n\n\n<div style=\"margin: auto;width: 85%;max-width: 700px;background-color: #000000;color: #DDDDDD;font-size: 20px;padding: 4%;padding-bottom: 2%;padding-top: 4%;border-radius: 25px\">\n    <h6 style=\"text-align: center;font-size: 50px;color: #FFFFFF\"> Pyka <\/h6>\n    <div style=\"text-align: center;border-style: none;vertical-align: middle\">\n        <img decoding=\"async\" style=\"height: auto;width: 100%\" src=\"https:\/\/medienwissenschaft.uni-bayreuth.de\/mediennacht\/wp-content\/uploads\/sites\/17\/2025\/10\/pyka_thumbnail-Till-Michels-1024x576.jpg\">\n    <\/div>\n    <br>\n   \n    <p style=\"text-align: justify\">\n        <em>Die Grenze zwischen Vorstellung und Realit\u00e4t beginnt zu verschwimmen. Geheimnisvoll. Impulsiv. Fragil. Was ist oben? Was ist unten?<\/em><br>\n<div>\n\nLeitung:\nAlexandr Katsnelson, Laurin Sch\u00fcrer, Till Michels, Veronika Gasser\n    <\/p>\n\n<\/div>\n<\/div>\n\n\n\n<div style=\"height:51px\" aria-hidden=\"true\" class=\"wp-block-spacer\"><\/div>\n\n\n\n<div style=\"margin: auto;width: 85%;max-width: 700px;background-color: #000000;color: #DDDDDD;font-size: 20px;padding: 4%;padding-bottom: 2%;padding-top: 4%;border-radius: 25px\">\n    <h6 style=\"text-align: center;font-size: 50px;color: #FFFFFF\"> Sp\u00e4tfrost <\/h6>\n    <div style=\"text-align: center;border-style: none;vertical-align: middle\">\n        <img decoding=\"async\" style=\"height: auto;width: 100%\" src=\"https:\/\/medienwissenschaft.uni-bayreuth.de\/mediennacht\/wp-content\/uploads\/sites\/17\/2025\/10\/Screenshot-2025-09-28-111513-TELEFONMAST-1024x576.png\">\n    <\/div>\n    <br>\n   \n    <p style=\"text-align: justify\">\n        <em>Sabrina Schiffers schreibt einen Reisef\u00fchrer \u00fcber Bayreuth. Als sie kurzfristig einen unbekannten Ort finden soll, trifft sie in der Touristeninformation auf Phil. Er schl\u00e4gt ihr vor, ein  altes Einfamilienhaus mit in den Reisef\u00fchrer aufzunehmen, doch dann beginnen die Sph\u00e4ren  des \u00f6ffentlichen und privaten Raums sowie Zukunft und Gegenwart zu verschwimmen.<\/em><br>\n<div>\n\nLeitung:\nJonathan Louis Mohr\n    <\/p>\n\n<\/div>\n<\/div>\n\n\n\n<div style=\"height:50px\" aria-hidden=\"true\" class=\"wp-block-spacer\"><\/div>\n\n\n\n<div style=\"margin: auto;width: 85%;max-width: 700px;background-color: #000000;color: #DDDDDD;font-size: 20px;padding: 4%;padding-bottom: 2%;padding-top: 4%;border-radius: 25px\">\n    <h6 style=\"text-align: center;font-size: 50px;color: #FFFFFF\"> Das Wusyn <\/h6>\n    <div style=\"text-align: center;border-style: none;vertical-align: middle\">\n        <img decoding=\"async\" style=\"height: auto;width: 100%\" src=\"https:\/\/medienwissenschaft.uni-bayreuth.de\/mediennacht\/wp-content\/uploads\/sites\/17\/2025\/11\/Screenshot_20250911_232351_Drive-Lou-Maier.jpg\">\n    <\/div>\n    <br>\n   \n    <p style=\"text-align: justify\">\n        <em>Der Kurzfilm \u201eDas Wusyn\u201c handelt von einem kleinen Wesen und seinen noch kleineren Erfindungen. Wir folgen ihm, wie er einen neuen Kreisel baut und diesen seinen besch\u00e4ftigten Baugef\u00e4hrten vorf\u00fchren will\u2026<\/em><br>\n<div>\n\nLeitung:\nLou Maier\n    <\/p>\n\n<\/div>\n<\/div>\n\n\n\n<div style=\"height:50px\" aria-hidden=\"true\" class=\"wp-block-spacer\"><\/div>\n\n\n\n<div style=\"height:50px\" aria-hidden=\"true\" class=\"wp-block-spacer\"><\/div>\n\n\n\n<div style=\"height:50px\" aria-hidden=\"true\" class=\"wp-block-spacer\"><\/div>\n\n\n\n<div style=\"height:100px\" aria-hidden=\"true\" class=\"wp-block-spacer\"><\/div>\n\n\n\n<div style=\"height:50px\" aria-hidden=\"true\" class=\"wp-block-spacer\"><\/div>\n\n\n\n<div class=\"wp-block-media-text is-stacked-on-mobile\"><figure class=\"wp-block-media-text__media\"><\/figure><div class=\"wp-block-media-text__content\">\n<p><\/p>\n<\/div><\/div>\n","protected":false},"excerpt":{"rendered":"<p>Programm 2025 Audio ab 15 Uhr Das schaurige Schloss Die zwei Freunde Max und Paul \u00fcbernachten in einem alten Schloss und machen Bekanntschaft mit einem dort ans\u00e4ssigen Geist. Leitung Knut Schanda PARA SOL PARA SOL sind Christian Renner, Daniel Zenker und Jonas Kuhn. Seit 2022 formen sie Klangr\u00e4ume zwischen Schwelgen und Headbangen, inspiriert von Pink [&hellip;]<\/p>\n","protected":false},"author":91,"featured_media":0,"parent":0,"menu_order":0,"comment_status":"closed","ping_status":"closed","template":"","meta":{"footnotes":""},"class_list":["post-3008","page","type-page","status-publish","hentry","entry"],"_links":{"self":[{"href":"https:\/\/medienwissenschaft.uni-bayreuth.de\/mediennacht\/wp-json\/wp\/v2\/pages\/3008","targetHints":{"allow":["GET"]}}],"collection":[{"href":"https:\/\/medienwissenschaft.uni-bayreuth.de\/mediennacht\/wp-json\/wp\/v2\/pages"}],"about":[{"href":"https:\/\/medienwissenschaft.uni-bayreuth.de\/mediennacht\/wp-json\/wp\/v2\/types\/page"}],"author":[{"embeddable":true,"href":"https:\/\/medienwissenschaft.uni-bayreuth.de\/mediennacht\/wp-json\/wp\/v2\/users\/91"}],"replies":[{"embeddable":true,"href":"https:\/\/medienwissenschaft.uni-bayreuth.de\/mediennacht\/wp-json\/wp\/v2\/comments?post=3008"}],"version-history":[{"count":139,"href":"https:\/\/medienwissenschaft.uni-bayreuth.de\/mediennacht\/wp-json\/wp\/v2\/pages\/3008\/revisions"}],"predecessor-version":[{"id":3321,"href":"https:\/\/medienwissenschaft.uni-bayreuth.de\/mediennacht\/wp-json\/wp\/v2\/pages\/3008\/revisions\/3321"}],"wp:attachment":[{"href":"https:\/\/medienwissenschaft.uni-bayreuth.de\/mediennacht\/wp-json\/wp\/v2\/media?parent=3008"}],"curies":[{"name":"wp","href":"https:\/\/api.w.org\/{rel}","templated":true}]}}