{"id":2411,"date":"2025-06-23T13:37:22","date_gmt":"2025-06-23T11:37:22","guid":{"rendered":"https:\/\/medienwissenschaft.uni-bayreuth.de\/mediennacht\/?page_id=2411"},"modified":"2025-11-14T14:43:12","modified_gmt":"2025-11-14T13:43:12","slug":"mediennacht-2025","status":"publish","type":"page","link":"https:\/\/medienwissenschaft.uni-bayreuth.de\/mediennacht\/","title":{"rendered":"Roaring Twenties &#8211; 20 Jahre Mediennacht"},"content":{"rendered":"\n<div style=\"width: 100%;background-color: #1a1a1a;text-align: center\"> \n<div style=\"overflow: visible;padding-bottom: 10px;padding-top: 10px\">\n  <a href=\"https:\/\/medienwissenschaft.uni-bayreuth.de\/mediennacht\/\">\n    <img decoding=\"async\" src=\"https:\/\/medienwissenschaft.uni-bayreuth.de\/mediennacht\/wp-content\/uploads\/sites\/17\/2025\/08\/logo5.png\" style=\"max-height: 200px;object-fit: contain\" alt=\"Logo\" \/>\n\n  <\/a>\n\n<\/div>\n<\/div>\n\n\n\n<div class=\"wp-block-cover is-light has-parallax\" style=\"min-height:843px;aspect-ratio:unset;\"><span aria-hidden=\"true\" class=\"wp-block-cover__background has-background-dim\" style=\"background-color:#f9f2e5\"><\/span><div class=\"wp-block-cover__image-background wp-image-2605 has-parallax\" style=\"background-position:50% 50%;background-image:url(https:\/\/medienwissenschaft.uni-bayreuth.de\/mediennacht\/wp-content\/uploads\/sites\/17\/2025\/08\/mediennachtlogo-3-scaled.jpg)\"><\/div><div class=\"wp-block-cover__inner-container is-layout-constrained wp-block-cover-is-layout-constrained\">\n<p class=\"has-text-align-center has-large-font-size\"><\/p>\n\n\n\n<h6 style=\"color:#000000;font-size: 1000%;font-weight: bold;text-align: center;color:#000000\"> \ufeffRoaring Twenties <\/h6>\n\n\n\n<h6 style=\"color: #000000;font-size: 400%;font-weight: bold;text-align: center\"> am 12.11.2025 im Cineplex Bayreuth<\/h6>\n\n\n\n<p><\/p>\n<\/div><\/div>\n\n\n\n<h6 style=\"background:linear-gradient(0deg,rgba(246,215,77,0.36) 0%,rgba(244,179,58,0.57) 100%);text-align: center;font-size: 50px\">20 Jahre Mediennacht<\/h6>\n\n\n\n<div style=\"height:30px\" aria-hidden=\"true\" class=\"wp-block-spacer\"><\/div>\n\n\n\n<div style=\"color: #000000;font-size: 200%;text-align: center\"> \n<b> Vielen Dank f\u00fcr euer kommen! <\/b>   <\/div>\n\n\n\n<div style=\"height:50px\" aria-hidden=\"true\" class=\"wp-block-spacer\"><\/div>\n\n\n\n<div class=\"wp-block-buttons is-content-justification-center is-layout-flex wp-container-core-buttons-is-layout-1 wp-block-buttons-is-layout-flex\">\n<div class=\"wp-block-button has-custom-font-size\" style=\"font-size:27px\"><a class=\"wp-block-button__link has-black-color has-text-color has-background has-link-color wp-element-button\" href=\"https:\/\/medienwissenschaft.uni-bayreuth.de\/mediennacht\/programm-2025\/\" style=\"background-color:#f0d280\"><strong>Programm<\/strong><\/a><\/div>\n<\/div>\n\n\n\n<div style=\"height:10px\" aria-hidden=\"true\" class=\"wp-block-spacer\"><\/div>\n\n\n\n<ul class=\"wp-block-social-links has-large-icon-size is-content-justification-center is-layout-flex wp-container-core-social-links-is-layout-1 wp-block-social-links-is-layout-flex\"><li class=\"wp-social-link wp-social-link-facebook  wp-block-social-link\"><a rel=\"noopener nofollow\" target=\"_blank\" href=\"https:\/\/www.facebook.com\/mediennacht.bayreuth\/\" class=\"wp-block-social-link-anchor\"><svg width=\"24\" height=\"24\" viewBox=\"0 0 24 24\" version=\"1.1\" xmlns=\"http:\/\/www.w3.org\/2000\/svg\" aria-hidden=\"true\" focusable=\"false\"><path d=\"M12 2C6.5 2 2 6.5 2 12c0 5 3.7 9.1 8.4 9.9v-7H7.9V12h2.5V9.8c0-2.5 1.5-3.9 3.8-3.9 1.1 0 2.2.2 2.2.2v2.5h-1.3c-1.2 0-1.6.8-1.6 1.6V12h2.8l-.4 2.9h-2.3v7C18.3 21.1 22 17 22 12c0-5.5-4.5-10-10-10z\"><\/path><\/svg><span class=\"wp-block-social-link-label screen-reader-text\">Facebook<\/span><\/a><\/li>\n\n<li class=\"wp-social-link wp-social-link-instagram  wp-block-social-link\"><a rel=\"noopener nofollow\" target=\"_blank\" href=\"https:\/\/www.instagram.com\/mediennacht.bayreuth\/\" class=\"wp-block-social-link-anchor\"><svg width=\"24\" height=\"24\" viewBox=\"0 0 24 24\" version=\"1.1\" xmlns=\"http:\/\/www.w3.org\/2000\/svg\" aria-hidden=\"true\" focusable=\"false\"><path d=\"M12,4.622c2.403,0,2.688,0.009,3.637,0.052c0.877,0.04,1.354,0.187,1.671,0.31c0.42,0.163,0.72,0.358,1.035,0.673 c0.315,0.315,0.51,0.615,0.673,1.035c0.123,0.317,0.27,0.794,0.31,1.671c0.043,0.949,0.052,1.234,0.052,3.637 s-0.009,2.688-0.052,3.637c-0.04,0.877-0.187,1.354-0.31,1.671c-0.163,0.42-0.358,0.72-0.673,1.035 c-0.315,0.315-0.615,0.51-1.035,0.673c-0.317,0.123-0.794,0.27-1.671,0.31c-0.949,0.043-1.233,0.052-3.637,0.052 s-2.688-0.009-3.637-0.052c-0.877-0.04-1.354-0.187-1.671-0.31c-0.42-0.163-0.72-0.358-1.035-0.673 c-0.315-0.315-0.51-0.615-0.673-1.035c-0.123-0.317-0.27-0.794-0.31-1.671C4.631,14.688,4.622,14.403,4.622,12 s0.009-2.688,0.052-3.637c0.04-0.877,0.187-1.354,0.31-1.671c0.163-0.42,0.358-0.72,0.673-1.035 c0.315-0.315,0.615-0.51,1.035-0.673c0.317-0.123,0.794-0.27,1.671-0.31C9.312,4.631,9.597,4.622,12,4.622 M12,3 C9.556,3,9.249,3.01,8.289,3.054C7.331,3.098,6.677,3.25,6.105,3.472C5.513,3.702,5.011,4.01,4.511,4.511 c-0.5,0.5-0.808,1.002-1.038,1.594C3.25,6.677,3.098,7.331,3.054,8.289C3.01,9.249,3,9.556,3,12c0,2.444,0.01,2.751,0.054,3.711 c0.044,0.958,0.196,1.612,0.418,2.185c0.23,0.592,0.538,1.094,1.038,1.594c0.5,0.5,1.002,0.808,1.594,1.038 c0.572,0.222,1.227,0.375,2.185,0.418C9.249,20.99,9.556,21,12,21s2.751-0.01,3.711-0.054c0.958-0.044,1.612-0.196,2.185-0.418 c0.592-0.23,1.094-0.538,1.594-1.038c0.5-0.5,0.808-1.002,1.038-1.594c0.222-0.572,0.375-1.227,0.418-2.185 C20.99,14.751,21,14.444,21,12s-0.01-2.751-0.054-3.711c-0.044-0.958-0.196-1.612-0.418-2.185c-0.23-0.592-0.538-1.094-1.038-1.594 c-0.5-0.5-1.002-0.808-1.594-1.038c-0.572-0.222-1.227-0.375-2.185-0.418C14.751,3.01,14.444,3,12,3L12,3z M12,7.378 c-2.552,0-4.622,2.069-4.622,4.622S9.448,16.622,12,16.622s4.622-2.069,4.622-4.622S14.552,7.378,12,7.378z M12,15 c-1.657,0-3-1.343-3-3s1.343-3,3-3s3,1.343,3,3S13.657,15,12,15z M16.804,6.116c-0.596,0-1.08,0.484-1.08,1.08 s0.484,1.08,1.08,1.08c0.596,0,1.08-0.484,1.08-1.08S17.401,6.116,16.804,6.116z\"><\/path><\/svg><span class=\"wp-block-social-link-label screen-reader-text\">Instagram<\/span><\/a><\/li>\n\n<li class=\"wp-social-link wp-social-link-x  wp-block-social-link\"><a rel=\"noopener nofollow\" target=\"_blank\" href=\"https:\/\/x.com\/mediennachtubt?lang=de\" class=\"wp-block-social-link-anchor\"><svg width=\"24\" height=\"24\" viewBox=\"0 0 24 24\" version=\"1.1\" xmlns=\"http:\/\/www.w3.org\/2000\/svg\" aria-hidden=\"true\" focusable=\"false\"><path d=\"M13.982 10.622 20.54 3h-1.554l-5.693 6.618L8.745 3H3.5l6.876 10.007L3.5 21h1.554l6.012-6.989L15.868 21h5.245l-7.131-10.378Zm-2.128 2.474-.697-.997-5.543-7.93H8l4.474 6.4.697.996 5.815 8.318h-2.387l-4.745-6.787Z\" \/><\/svg><span class=\"wp-block-social-link-label screen-reader-text\">X<\/span><\/a><\/li><\/ul>\n\n\n\n<div style=\"height:43px\" aria-hidden=\"true\" class=\"wp-block-spacer\"><\/div>\n\n\n\n<h6 style=\"background:linear-gradient(0deg,rgba(246,215,77,0.36) 0%,rgba(244,179,58,0.57) 100%);text-align: center;font-size: 50px\">Was ist die Mediennacht?<\/h6>\n\n\n\n<div style=\"margin-left: 10%;margin-right: 5%;text-align: left;color: black;font-size: 150%\">\n  Bei der Mediennacht handelt es sich um ein j\u00e4hrlich stattfindendes Festival, das von Studierenden der Medienwissenschaften der <strong>Universit\u00e4t Bayreuth<\/strong> organisiert wird.<br>\n  Einen ganzen <strong>Nachmittag<\/strong> lang werden eine Vielzahl von <strong>Audio- und Spieleprojekte<\/strong>, die von Studierenden aller Semester selbstst\u00e4ndig geplant, entwickelt und umgesetzt wurden, ausgestellt.<br>\n  Am <strong>Abend<\/strong> folgt der zweite Teil der besonderen Mediennacht: Eine <strong>Filmgala<\/strong>, in der auch die <strong>studentischen Filmprojekte<\/strong> vor gro\u00dfem Publikum gezeigt werden.<br>\n  Alle Interessierten sind herzlich eingeladen, vorbeizukommen, sich die <strong>Filmprojekte<\/strong> anzuschauen, die <strong>Audioprojekte<\/strong> anzuh\u00f6ren, die <strong>Spieleprojekte<\/strong> auszuprobieren und sich mit den Studierenden zu unterhalten.<br>\n<\/div>\n\n\n\n<div style=\"height:71px\" aria-hidden=\"true\" class=\"wp-block-spacer\"><\/div>\n\n\n\n<p class=\"has-text-align-center has-medium-font-size\">Vielen Dank an unsere Sponsoren: <\/p>\n\n\n\n<div class=\"wp-block-group alignwide is-content-justification-center is-nowrap is-layout-flex wp-container-core-group-is-layout-1 wp-block-group-is-layout-flex\">\n<figure class=\"wp-block-image size-full is-resized\"><img loading=\"lazy\" decoding=\"async\" width=\"768\" height=\"768\" src=\"https:\/\/medienwissenschaft.uni-bayreuth.de\/mediennacht\/wp-content\/uploads\/sites\/17\/2025\/11\/logo-franz-und-gloria-768x768-1009625702-1.jpg\" alt=\"\" class=\"wp-image-3099\" style=\"width:171px;height:auto\" srcset=\"https:\/\/medienwissenschaft.uni-bayreuth.de\/mediennacht\/wp-content\/uploads\/sites\/17\/2025\/11\/logo-franz-und-gloria-768x768-1009625702-1.jpg 768w, https:\/\/medienwissenschaft.uni-bayreuth.de\/mediennacht\/wp-content\/uploads\/sites\/17\/2025\/11\/logo-franz-und-gloria-768x768-1009625702-1-300x300.jpg 300w, https:\/\/medienwissenschaft.uni-bayreuth.de\/mediennacht\/wp-content\/uploads\/sites\/17\/2025\/11\/logo-franz-und-gloria-768x768-1009625702-1-150x150.jpg 150w, https:\/\/medienwissenschaft.uni-bayreuth.de\/mediennacht\/wp-content\/uploads\/sites\/17\/2025\/11\/logo-franz-und-gloria-768x768-1009625702-1-600x600.jpg 600w\" sizes=\"auto, (max-width: 768px) 100vw, 768px\" \/><\/figure>\n\n\n\n<figure class=\"wp-block-image size-full is-resized is-style-rounded\"><img loading=\"lazy\" decoding=\"async\" width=\"365\" height=\"365\" src=\"https:\/\/medienwissenschaft.uni-bayreuth.de\/mediennacht\/wp-content\/uploads\/sites\/17\/2025\/11\/CPBT_Logo-edited.png\" alt=\"\" class=\"wp-image-3120\" style=\"width:203px;height:auto\" srcset=\"https:\/\/medienwissenschaft.uni-bayreuth.de\/mediennacht\/wp-content\/uploads\/sites\/17\/2025\/11\/CPBT_Logo-edited.png 365w, https:\/\/medienwissenschaft.uni-bayreuth.de\/mediennacht\/wp-content\/uploads\/sites\/17\/2025\/11\/CPBT_Logo-edited-300x300.png 300w, https:\/\/medienwissenschaft.uni-bayreuth.de\/mediennacht\/wp-content\/uploads\/sites\/17\/2025\/11\/CPBT_Logo-edited-150x150.png 150w\" sizes=\"auto, (max-width: 365px) 100vw, 365px\" \/><\/figure>\n\n\n\n<figure class=\"wp-block-image size-full is-resized\"><img loading=\"lazy\" decoding=\"async\" width=\"370\" height=\"106\" src=\"https:\/\/medienwissenschaft.uni-bayreuth.de\/mediennacht\/wp-content\/uploads\/sites\/17\/2025\/11\/mewip-1.png\" alt=\"\" class=\"wp-image-3100\" style=\"width:225px;height:auto\" srcset=\"https:\/\/medienwissenschaft.uni-bayreuth.de\/mediennacht\/wp-content\/uploads\/sites\/17\/2025\/11\/mewip-1.png 370w, https:\/\/medienwissenschaft.uni-bayreuth.de\/mediennacht\/wp-content\/uploads\/sites\/17\/2025\/11\/mewip-1-300x86.png 300w\" sizes=\"auto, (max-width: 370px) 100vw, 370px\" \/><\/figure>\n\n\n\n<figure class=\"wp-block-image size-large is-resized\"><img loading=\"lazy\" decoding=\"async\" width=\"1024\" height=\"732\" src=\"https:\/\/medienwissenschaft.uni-bayreuth.de\/mediennacht\/wp-content\/uploads\/sites\/17\/2025\/11\/cipsoft-1-1024x732.png\" alt=\"\" class=\"wp-image-3102\" style=\"width:179px;height:auto\" srcset=\"https:\/\/medienwissenschaft.uni-bayreuth.de\/mediennacht\/wp-content\/uploads\/sites\/17\/2025\/11\/cipsoft-1-1024x732.png 1024w, https:\/\/medienwissenschaft.uni-bayreuth.de\/mediennacht\/wp-content\/uploads\/sites\/17\/2025\/11\/cipsoft-1-300x215.png 300w, https:\/\/medienwissenschaft.uni-bayreuth.de\/mediennacht\/wp-content\/uploads\/sites\/17\/2025\/11\/cipsoft-1-768x549.png 768w, https:\/\/medienwissenschaft.uni-bayreuth.de\/mediennacht\/wp-content\/uploads\/sites\/17\/2025\/11\/cipsoft-1.png 1200w\" sizes=\"auto, (max-width: 1024px) 100vw, 1024px\" \/><\/figure>\n\n\n\n<figure class=\"wp-block-image size-full is-resized\"><img loading=\"lazy\" decoding=\"async\" width=\"544\" height=\"340\" src=\"https:\/\/medienwissenschaft.uni-bayreuth.de\/mediennacht\/wp-content\/uploads\/sites\/17\/2025\/11\/tmt_kompaktlogo_rgb-1.png\" alt=\"\" class=\"wp-image-3103\" style=\"width:170px;height:auto\" srcset=\"https:\/\/medienwissenschaft.uni-bayreuth.de\/mediennacht\/wp-content\/uploads\/sites\/17\/2025\/11\/tmt_kompaktlogo_rgb-1.png 544w, https:\/\/medienwissenschaft.uni-bayreuth.de\/mediennacht\/wp-content\/uploads\/sites\/17\/2025\/11\/tmt_kompaktlogo_rgb-1-300x188.png 300w\" sizes=\"auto, (max-width: 544px) 100vw, 544px\" \/><\/figure>\n\n\n\n<figure class=\"wp-block-image size-full is-resized\"><img loading=\"lazy\" decoding=\"async\" width=\"280\" height=\"161\" src=\"https:\/\/medienwissenschaft.uni-bayreuth.de\/mediennacht\/wp-content\/uploads\/sites\/17\/2025\/11\/Logo_Studierendenwerk_Oberfranken-1.png\" alt=\"\" class=\"wp-image-3104\" style=\"width:227px;height:auto\" \/><\/figure>\n<\/div>\n\n\n\n<div style=\"height:28px\" aria-hidden=\"true\" class=\"wp-block-spacer\"><\/div>\n","protected":false},"excerpt":{"rendered":"<p>20 Jahre Mediennacht Vielen Dank f\u00fcr euer kommen! Was ist die Mediennacht? Bei der Mediennacht handelt es sich um ein j\u00e4hrlich stattfindendes Festival, das von Studierenden der Medienwissenschaften der Universit\u00e4t Bayreuth organisiert wird. Einen ganzen Nachmittag lang werden eine Vielzahl von Audio- und Spieleprojekte, die von Studierenden aller Semester selbstst\u00e4ndig geplant, entwickelt und umgesetzt wurden, [&hellip;]<\/p>\n","protected":false},"author":89,"featured_media":0,"parent":0,"menu_order":0,"comment_status":"closed","ping_status":"closed","template":"","meta":{"footnotes":""},"class_list":["post-2411","page","type-page","status-publish","hentry","entry"],"_links":{"self":[{"href":"https:\/\/medienwissenschaft.uni-bayreuth.de\/mediennacht\/wp-json\/wp\/v2\/pages\/2411","targetHints":{"allow":["GET"]}}],"collection":[{"href":"https:\/\/medienwissenschaft.uni-bayreuth.de\/mediennacht\/wp-json\/wp\/v2\/pages"}],"about":[{"href":"https:\/\/medienwissenschaft.uni-bayreuth.de\/mediennacht\/wp-json\/wp\/v2\/types\/page"}],"author":[{"embeddable":true,"href":"https:\/\/medienwissenschaft.uni-bayreuth.de\/mediennacht\/wp-json\/wp\/v2\/users\/89"}],"replies":[{"embeddable":true,"href":"https:\/\/medienwissenschaft.uni-bayreuth.de\/mediennacht\/wp-json\/wp\/v2\/comments?post=2411"}],"version-history":[{"count":374,"href":"https:\/\/medienwissenschaft.uni-bayreuth.de\/mediennacht\/wp-json\/wp\/v2\/pages\/2411\/revisions"}],"predecessor-version":[{"id":3338,"href":"https:\/\/medienwissenschaft.uni-bayreuth.de\/mediennacht\/wp-json\/wp\/v2\/pages\/2411\/revisions\/3338"}],"wp:attachment":[{"href":"https:\/\/medienwissenschaft.uni-bayreuth.de\/mediennacht\/wp-json\/wp\/v2\/media?parent=2411"}],"curies":[{"name":"wp","href":"https:\/\/api.w.org\/{rel}","templated":true}]}}